{"id":89,"date":"2018-09-26T06:35:04","date_gmt":"2018-09-26T04:35:04","guid":{"rendered":"http:\/\/spprusce.pl\/?page_id=89"},"modified":"2025-11-13T14:33:18","modified_gmt":"2025-11-13T13:33:18","slug":"samorzad-uczniowski","status":"publish","type":"page","link":"https:\/\/spprusce.pl\/index.php\/samorzad-uczniowski\/","title":{"rendered":"Samorz\u0105d Uczniowski"},"content":{"rendered":"<h3 style=\"text-align: center;\"><strong>Sk\u0142ad Samorz\u0105du Uczniowskiego 2025\/2026<\/strong><\/h3>\n<div dir=\"auto\" style=\"text-align: center;\">Przewodnicz\u0105cy Szko\u0142y: Wojciech Rembisz kl. 8 <span class=\"x3nfvp2 x1j61x8r x1fcty0u xdj266r xhhsvwb xat24cr xgzva0m xxymvpz xlup9mm x1kky2od\"><img loading=\"lazy\" decoding=\"async\" class=\"xz74otr\" src=\"https:\/\/static.xx.fbcdn.net\/images\/emoji.php\/v9\/tfe\/1\/16\/1f44f.png\" alt=\"\ud83d\udc4f\" width=\"16\" height=\"16\" \/><\/span><span class=\"x3nfvp2 x1j61x8r x1fcty0u xdj266r xhhsvwb xat24cr xgzva0m xxymvpz xlup9mm x1kky2od\"><img loading=\"lazy\" decoding=\"async\" class=\"xz74otr\" src=\"https:\/\/static.xx.fbcdn.net\/images\/emoji.php\/v9\/tfe\/1\/16\/1f44f.png\" alt=\"\ud83d\udc4f\" width=\"16\" height=\"16\" \/><\/span><span class=\"x3nfvp2 x1j61x8r x1fcty0u xdj266r xhhsvwb xat24cr xgzva0m xxymvpz xlup9mm x1kky2od\"><img loading=\"lazy\" decoding=\"async\" class=\"xz74otr\" src=\"https:\/\/static.xx.fbcdn.net\/images\/emoji.php\/v9\/tfe\/1\/16\/1f44f.png\" alt=\"\ud83d\udc4f\" width=\"16\" height=\"16\" \/><\/span><br \/>\nV-ce przewodnicz\u0105c\u0105 zosta\u0142a: Julia Brzezi\u0144ska kl.8<span class=\"x3nfvp2 x1j61x8r x1fcty0u xdj266r xhhsvwb xat24cr xgzva0m xxymvpz xlup9mm x1kky2od\"><img loading=\"lazy\" decoding=\"async\" class=\"xz74otr\" src=\"https:\/\/static.xx.fbcdn.net\/images\/emoji.php\/v9\/tfe\/1\/16\/1f44f.png\" alt=\"\ud83d\udc4f\" width=\"16\" height=\"16\" \/><\/span><\/div>\n<div dir=\"auto\" style=\"text-align: center;\">Cz\u0142onkami Samorz\u0105du Uczniowskiego zostali: Agata Gruszka, Lena Grabicka, Seweryn Sosnowski i Antonina Maciejewska <span class=\"x3nfvp2 x1j61x8r x1fcty0u xdj266r xhhsvwb xat24cr xgzva0m xxymvpz xlup9mm x1kky2od\"><img loading=\"lazy\" decoding=\"async\" class=\"xz74otr\" src=\"https:\/\/static.xx.fbcdn.net\/images\/emoji.php\/v9\/tfe\/1\/16\/1f44f.png\" alt=\"\ud83d\udc4f\" width=\"16\" height=\"16\" \/><\/span><span class=\"x3nfvp2 x1j61x8r x1fcty0u xdj266r xhhsvwb xat24cr xgzva0m xxymvpz xlup9mm x1kky2od\"><img loading=\"lazy\" decoding=\"async\" class=\"xz74otr\" src=\"https:\/\/static.xx.fbcdn.net\/images\/emoji.php\/v9\/tfe\/1\/16\/1f44f.png\" alt=\"\ud83d\udc4f\" width=\"16\" height=\"16\" \/><img loading=\"lazy\" decoding=\"async\" class=\"xz74otr\" src=\"https:\/\/static.xx.fbcdn.net\/images\/emoji.php\/v9\/tfe\/1\/16\/1f44f.png\" alt=\"\ud83d\udc4f\" width=\"16\" height=\"16\" \/><\/span><\/div>\n<div dir=\"auto\" style=\"text-align: center;\">Opiekunki Samorz\u0105du Uczniowskiego: Michalina K\u00fchn, Nadia Sosnowska<\/div>\n<div dir=\"auto\"><\/div>\n<div dir=\"auto\"><img loading=\"lazy\" decoding=\"async\" class=\"alignnone wp-image-4174\" src=\"https:\/\/spprusce.pl\/wp-content\/uploads\/2025\/11\/557548040_1280874677172508_5853992092849663879_n-300x225.jpg\" alt=\"\" width=\"843\" height=\"632\" srcset=\"https:\/\/spprusce.pl\/wp-content\/uploads\/2025\/11\/557548040_1280874677172508_5853992092849663879_n-300x225.jpg 300w, https:\/\/spprusce.pl\/wp-content\/uploads\/2025\/11\/557548040_1280874677172508_5853992092849663879_n-768x576.jpg 768w, https:\/\/spprusce.pl\/wp-content\/uploads\/2025\/11\/557548040_1280874677172508_5853992092849663879_n-314x236.jpg 314w, https:\/\/spprusce.pl\/wp-content\/uploads\/2025\/11\/557548040_1280874677172508_5853992092849663879_n.jpg 1000w\" sizes=\"auto, (max-width: 843px) 100vw, 843px\" \/><\/div>\n<div dir=\"auto\"><\/div>\n<div dir=\"auto\"><\/div>\n<p><img loading=\"lazy\" decoding=\"async\" class=\"alignnone  wp-image-4173\" src=\"https:\/\/spprusce.pl\/wp-content\/uploads\/2025\/11\/557524827_1280874740505835_7892726796436537232_n-300x300.jpg\" alt=\"\" width=\"724\" height=\"724\" srcset=\"https:\/\/spprusce.pl\/wp-content\/uploads\/2025\/11\/557524827_1280874740505835_7892726796436537232_n-300x300.jpg 300w, https:\/\/spprusce.pl\/wp-content\/uploads\/2025\/11\/557524827_1280874740505835_7892726796436537232_n-150x150.jpg 150w, https:\/\/spprusce.pl\/wp-content\/uploads\/2025\/11\/557524827_1280874740505835_7892726796436537232_n-768x768.jpg 768w, https:\/\/spprusce.pl\/wp-content\/uploads\/2025\/11\/557524827_1280874740505835_7892726796436537232_n.jpg 1000w\" sizes=\"auto, (max-width: 724px) 100vw, 724px\" \/><\/p>\n","protected":false},"excerpt":{"rendered":"<p>Sk\u0142ad Samorz\u0105du Uczniowskiego 2025\/2026 Przewodnicz\u0105cy Szko\u0142y: Wojciech Rembisz kl. 8 V-ce przewodnicz\u0105c\u0105 zosta\u0142a: Julia Brzezi\u0144ska kl.8 Cz\u0142onkami Samorz\u0105du Uczniowskiego zostali: Agata Gruszka, Lena Grabicka, Seweryn Sosnowski i Antonina Maciejewska Opiekunki Samorz\u0105du Uczniowskiego: Michalina K\u00fchn, Nadia Sosnowska<\/p>\n","protected":false},"author":1,"featured_media":0,"parent":0,"menu_order":0,"comment_status":"closed","ping_status":"closed","template":"","meta":{"footnotes":""},"class_list":["post-89","page","type-page","status-publish","hentry"],"_links":{"self":[{"href":"https:\/\/spprusce.pl\/index.php\/wp-json\/wp\/v2\/pages\/89","targetHints":{"allow":["GET"]}}],"collection":[{"href":"https:\/\/spprusce.pl\/index.php\/wp-json\/wp\/v2\/pages"}],"about":[{"href":"https:\/\/spprusce.pl\/index.php\/wp-json\/wp\/v2\/types\/page"}],"author":[{"embeddable":true,"href":"https:\/\/spprusce.pl\/index.php\/wp-json\/wp\/v2\/users\/1"}],"replies":[{"embeddable":true,"href":"https:\/\/spprusce.pl\/index.php\/wp-json\/wp\/v2\/comments?post=89"}],"version-history":[{"count":15,"href":"https:\/\/spprusce.pl\/index.php\/wp-json\/wp\/v2\/pages\/89\/revisions"}],"predecessor-version":[{"id":4336,"href":"https:\/\/spprusce.pl\/index.php\/wp-json\/wp\/v2\/pages\/89\/revisions\/4336"}],"wp:attachment":[{"href":"https:\/\/spprusce.pl\/index.php\/wp-json\/wp\/v2\/media?parent=89"}],"curies":[{"name":"wp","href":"https:\/\/api.w.org\/{rel}","templated":true}]}}